{"id":37,"date":"2019-11-20T15:35:03","date_gmt":"2019-11-20T14:35:03","guid":{"rendered":"http:\/\/macartekdo.fr\/?page_id=37"},"modified":"2026-02-19T21:52:07","modified_gmt":"2026-02-19T20:52:07","slug":"ou-lutiliser","status":"publish","type":"page","link":"https:\/\/macartekdo.fr\/index.php\/ou-lutiliser\/","title":{"rendered":"O\u00d9 L&rsquo;UTILISER ?"},"content":{"rendered":"\t\t<div data-elementor-type=\"wp-page\" data-elementor-id=\"37\" class=\"elementor elementor-37\">\n\t\t\t\t\t\t<section class=\"elementor-section elementor-top-section elementor-element elementor-element-90e665a elementor-section-boxed elementor-section-height-default elementor-section-height-default\" data-id=\"90e665a\" data-element_type=\"section\">\n\t\t\t\t\t\t<div class=\"elementor-container elementor-column-gap-default\">\n\t\t\t\t\t<div class=\"elementor-column elementor-col-100 elementor-top-column elementor-element elementor-element-fa4db8f\" data-id=\"fa4db8f\" data-element_type=\"column\">\n\t\t\t<div class=\"elementor-widget-wrap elementor-element-populated\">\n\t\t\t\t\t\t<div class=\"elementor-element elementor-element-946762d elementor-widget elementor-widget-heading\" data-id=\"946762d\" data-element_type=\"widget\" data-widget_type=\"heading.default\">\n\t\t\t\t<div class=\"elementor-widget-container\">\n\t\t\t\t\t<h2 class=\"elementor-heading-title elementor-size-default\">LISTE DES COMMER\u00c7ANTS ACCEPTANT LA CARTE KDO<\/h2>\t\t\t\t<\/div>\n\t\t\t\t<\/div>\n\t\t\t\t\t<\/div>\n\t\t<\/div>\n\t\t\t\t\t<\/div>\n\t\t<\/section>\n\t\t\t\t<section class=\"elementor-section elementor-top-section elementor-element elementor-element-192fea2 elementor-section-boxed elementor-section-height-default elementor-section-height-default\" data-id=\"192fea2\" data-element_type=\"section\">\n\t\t\t\t\t\t<div class=\"elementor-container elementor-column-gap-default\">\n\t\t\t\t\t<div class=\"elementor-column elementor-col-100 elementor-top-column elementor-element elementor-element-585869a\" data-id=\"585869a\" data-element_type=\"column\">\n\t\t\t<div class=\"elementor-widget-wrap elementor-element-populated\">\n\t\t\t\t\t\t<section class=\"elementor-section elementor-inner-section elementor-element elementor-element-eb41a49 elementor-section-boxed elementor-section-height-default elementor-section-height-default\" data-id=\"eb41a49\" data-element_type=\"section\">\n\t\t\t\t\t\t<div class=\"elementor-container elementor-column-gap-default\">\n\t\t\t\t\t<div class=\"elementor-column elementor-col-50 elementor-inner-column elementor-element elementor-element-eb5cf1c\" data-id=\"eb5cf1c\" data-element_type=\"column\">\n\t\t\t<div class=\"elementor-widget-wrap elementor-element-populated\">\n\t\t\t\t\t\t<div class=\"elementor-element elementor-element-829ea3a elementor-widget elementor-widget-text-editor\" data-id=\"829ea3a\" data-element_type=\"widget\" data-widget_type=\"text-editor.default\">\n\t\t\t\t<div class=\"elementor-widget-container\">\n\t\t\t\t\t\t\t\t\t<p><strong>Boulangerie \u2013 P\u00e2tisserie :<\/strong><br \/><a href=\"http:\/\/membres.commercantsmasevaux.fr\/places\/boulangerie-runser\/\" target=\"_blank\" rel=\"noopener\">BOULANGERIE RUNSER<\/a><\/p><p><strong>Chaussures :<\/strong><br \/><a href=\"http:\/\/membres.commercantsmasevaux.fr\/places\/gk-declic\/\" target=\"_blank\" rel=\"noopener\">GK DECLIC <\/a><em>(Hors soldes et promotions)<\/em><\/p><p><strong>Coiffure :<br \/><\/strong><a href=\"http:\/\/membres.commercantsmasevaux.fr\/places\/barbara-coiffure\/\" target=\"_blank\" rel=\"noopener\">BARBARA COIFFURE<\/a><\/p><p><strong>D\u00e9co &#8211; Cadeaux :<br \/><\/strong><a href=\"http:\/\/membres.commercantsmasevaux.fr\/places\/belle-la-vie\/\" target=\"_blank\" rel=\"noopener\">BELLE LA VIE<\/a><strong><br \/><\/strong><\/p><p><strong>Electro-Menager \u2013 Hifi-Video :<br \/><\/strong><a href=\"http:\/\/membres.commercantsmasevaux.fr\/places\/extra-ets-leveque\/\" target=\"_blank\" rel=\"noopener\">ETS LEVEQUE<\/a><\/p><p><strong>Fleurs :<br \/><\/strong><a href=\"http:\/\/membres.commercantsmasevaux.fr\/places\/le-temps-dune-fleur\/\" target=\"_blank\" rel=\"noopener\">LE TEMPS D\u2019UNE FLEUR <\/a><em>(Hors p\u00e9riodes St Valentin : Fleurs coup\u00e9es, f\u00eates des m\u00e8res : fleurs coup\u00e9es, plantes et prestations mariages)<\/em><\/p><p><strong>Informatique :<br \/><\/strong><a href=\"http:\/\/membres.commercantsmasevaux.fr\/places\/flash-instal\/\" target=\"_blank\" rel=\"noopener\">FLASH INSTAL&rsquo;<\/a><\/p>\t\t\t\t\t\t\t\t<\/div>\n\t\t\t\t<\/div>\n\t\t\t\t\t<\/div>\n\t\t<\/div>\n\t\t\t\t<div class=\"elementor-column elementor-col-50 elementor-inner-column elementor-element elementor-element-8db8867\" data-id=\"8db8867\" data-element_type=\"column\">\n\t\t\t<div class=\"elementor-widget-wrap elementor-element-populated\">\n\t\t\t\t\t\t<div class=\"elementor-element elementor-element-b0127ae elementor-widget elementor-widget-text-editor\" data-id=\"b0127ae\" data-element_type=\"widget\" data-widget_type=\"text-editor.default\">\n\t\t\t\t<div class=\"elementor-widget-container\">\n\t\t\t\t\t\t\t\t\t<div><p><strong>Optique :<br \/><\/strong><a href=\"http:\/\/membres.commercantsmasevaux.fr\/places\/optique-gutleben\/\" target=\"_blank\" rel=\"noopener\">OPTIQUE GUTLEBEN<\/a><br \/><a href=\"https:\/\/membres.commercantsmasevaux.fr\/places\/atol-les-opticiens-hartmann\/\">OPTIC 2000<\/a><\/p><p><strong>Papeterie :<br \/><\/strong><a href=\"http:\/\/membres.commercantsmasevaux.fr\/places\/espce-buro\/\" target=\"_blank\" rel=\"noopener\">ESPACE BURO<\/a><\/p><p><strong>Pr\u00eat-\u00c0-Porter :<br \/><\/strong><a href=\"http:\/\/membres.commercantsmasevaux.fr\/places\/bischoff\/\" target=\"_blank\" rel=\"noopener\">BOUTIQUE BISCHOFF<\/a><br \/><a href=\"http:\/\/membres.commercantsmasevaux.fr\/places\/boutique-marylin\/\" target=\"_blank\" rel=\"noopener\">BOUTIQUE MARYLIN<\/a><br \/><a href=\"http:\/\/membres.commercantsmasevaux.fr\/places\/gk-declic\/\" target=\"_blank\" rel=\"noopener\">GK DECLIC\u00a0<\/a><em>(Hors soldes et promotions)<\/em><br \/><a href=\"http:\/\/membres.commercantsmasevaux.fr\/places\/lingerie-m\/\" target=\"_blank\" rel=\"noopener\">LINGERIE M <\/a><em>(Hors soldes et promotions)<\/em><br \/><a href=\"http:\/\/membres.commercantsmasevaux.fr\/places\/mod2vies\/\" target=\"_blank\" rel=\"noopener\">MOD2VIES<\/a><em><strong><br \/><\/strong><\/em><\/p><p><strong>Photo :<br \/><\/strong><a href=\"http:\/\/membres.commercantsmasevaux.fr\/places\/eric-bianchi-photographe\/\" target=\"_blank\" rel=\"noopener\">ERIC BIANCHI Photographe<\/a><\/p><p><strong>Restauration : <br \/><\/strong><a href=\"http:\/\/membres.commercantsmasevaux.fr\/places\/hotel-des-vosges\/\" target=\"_blank\" rel=\"noopener\">H\u00d4TEL RESTAURANT DES VOSGES<\/a><br \/>AU PETIT CHARBON<\/p><p><strong>Supermarch\u00e9 :<br \/><\/strong><a href=\"http:\/\/membres.commercantsmasevaux.fr\/places\/leclerc\/\" target=\"_blank\" rel=\"noopener\">LECLERC<\/a> <em>(uniquement sur le rayon Multim\u00e9dia et \u00c9lectrom\u00e9nager)<\/em><\/p><p><strong>Vins et Spiritueux :<br \/><\/strong><a href=\"http:\/\/membres.commercantsmasevaux.fr\/places\/adam-boissons\/\" target=\"_blank\" rel=\"noopener\">ADAM BOISSONS<\/a><\/p><\/div>\t\t\t\t\t\t\t\t<\/div>\n\t\t\t\t<\/div>\n\t\t\t\t\t<\/div>\n\t\t<\/div>\n\t\t\t\t\t<\/div>\n\t\t<\/section>\n\t\t\t\t\t<\/div>\n\t\t<\/div>\n\t\t\t\t\t<\/div>\n\t\t<\/section>\n\t\t\t\t<section class=\"elementor-section elementor-top-section elementor-element elementor-element-d24110c elementor-section-boxed elementor-section-height-default elementor-section-height-default\" data-id=\"d24110c\" data-element_type=\"section\">\n\t\t\t\t\t\t<div class=\"elementor-container elementor-column-gap-default\">\n\t\t\t\t\t<div class=\"elementor-column elementor-col-100 elementor-top-column elementor-element elementor-element-d15a342\" data-id=\"d15a342\" data-element_type=\"column\">\n\t\t\t<div class=\"elementor-widget-wrap elementor-element-populated\">\n\t\t\t\t\t\t<div class=\"elementor-element elementor-element-66e96d9 elementor-widget elementor-widget-heading\" data-id=\"66e96d9\" data-element_type=\"widget\" data-widget_type=\"heading.default\">\n\t\t\t\t<div class=\"elementor-widget-container\">\n\t\t\t\t\t<h2 class=\"elementor-heading-title elementor-size-default\">MERCI \u00c0 NOS SPONSORS : <\/h2>\t\t\t\t<\/div>\n\t\t\t\t<\/div>\n\t\t\t\t\t<\/div>\n\t\t<\/div>\n\t\t\t\t\t<\/div>\n\t\t<\/section>\n\t\t\t\t<section class=\"elementor-section elementor-top-section elementor-element elementor-element-c4b03c1 elementor-section-boxed elementor-section-height-default elementor-section-height-default\" data-id=\"c4b03c1\" data-element_type=\"section\">\n\t\t\t\t\t\t<div class=\"elementor-container elementor-column-gap-default\">\n\t\t\t\t\t<div class=\"elementor-column elementor-col-100 elementor-top-column elementor-element elementor-element-5124e44\" data-id=\"5124e44\" data-element_type=\"column\">\n\t\t\t<div class=\"elementor-widget-wrap elementor-element-populated\">\n\t\t\t\t\t\t<div class=\"elementor-element elementor-element-cb3f48c elementor-widget elementor-widget-image\" data-id=\"cb3f48c\" data-element_type=\"widget\" data-widget_type=\"image.default\">\n\t\t\t\t<div class=\"elementor-widget-container\">\n\t\t\t\t\t\t\t\t\t\t\t\t\t\t\t<img decoding=\"async\" width=\"450\" height=\"105\" src=\"https:\/\/macartekdo.fr\/wp-content\/uploads\/2019\/12\/Logo-Credit-Mutuel-REC.jpg\" class=\"attachment-large size-large wp-image-154\" alt=\"\" srcset=\"https:\/\/macartekdo.fr\/wp-content\/uploads\/2019\/12\/Logo-Credit-Mutuel-REC.jpg 450w, https:\/\/macartekdo.fr\/wp-content\/uploads\/2019\/12\/Logo-Credit-Mutuel-REC-300x70.jpg 300w\" sizes=\"(max-width: 450px) 100vw, 450px\" \/>\t\t\t\t\t\t\t\t\t\t\t\t\t\t\t<\/div>\n\t\t\t\t<\/div>\n\t\t\t\t\t<\/div>\n\t\t<\/div>\n\t\t\t\t\t<\/div>\n\t\t<\/section>\n\t\t\t\t<\/div>\n\t\t","protected":false},"excerpt":{"rendered":"<p>LISTE DES COMMER\u00c7ANTS ACCEPTANT LA CARTE KDO Boulangerie \u2013 P\u00e2tisserie :BOULANGERIE RUNSER Chaussures :GK DECLIC (Hors soldes et promotions) Coiffure :BARBARA COIFFURE D\u00e9co &#8211; Cadeaux :BELLE LA VIE Electro-Menager \u2013 Hifi-Video :ETS LEVEQUE Fleurs :LE TEMPS D\u2019UNE FLEUR (Hors p\u00e9riodes St Valentin : Fleurs coup\u00e9es, f\u00eates des m\u00e8res : fleurs coup\u00e9es, plantes et prestations mariages)&hellip; <br \/> <a class=\"read-more\" href=\"https:\/\/macartekdo.fr\/index.php\/ou-lutiliser\/\">Lire la suite<\/a><\/p>\n","protected":false},"author":1,"featured_media":0,"parent":0,"menu_order":0,"comment_status":"closed","ping_status":"closed","template":"","meta":{"_exactmetrics_skip_tracking":false,"_exactmetrics_sitenote_active":false,"_exactmetrics_sitenote_note":"","_exactmetrics_sitenote_category":0,"footnotes":""},"class_list":["post-37","page","type-page","status-publish","hentry"],"_links":{"self":[{"href":"https:\/\/macartekdo.fr\/index.php\/wp-json\/wp\/v2\/pages\/37","targetHints":{"allow":["GET"]}}],"collection":[{"href":"https:\/\/macartekdo.fr\/index.php\/wp-json\/wp\/v2\/pages"}],"about":[{"href":"https:\/\/macartekdo.fr\/index.php\/wp-json\/wp\/v2\/types\/page"}],"author":[{"embeddable":true,"href":"https:\/\/macartekdo.fr\/index.php\/wp-json\/wp\/v2\/users\/1"}],"replies":[{"embeddable":true,"href":"https:\/\/macartekdo.fr\/index.php\/wp-json\/wp\/v2\/comments?post=37"}],"version-history":[{"count":75,"href":"https:\/\/macartekdo.fr\/index.php\/wp-json\/wp\/v2\/pages\/37\/revisions"}],"predecessor-version":[{"id":272,"href":"https:\/\/macartekdo.fr\/index.php\/wp-json\/wp\/v2\/pages\/37\/revisions\/272"}],"wp:attachment":[{"href":"https:\/\/macartekdo.fr\/index.php\/wp-json\/wp\/v2\/media?parent=37"}],"curies":[{"name":"wp","href":"https:\/\/api.w.org\/{rel}","templated":true}]}}